{"id":230,"date":"2022-08-08T18:56:15","date_gmt":"2022-08-08T18:56:15","guid":{"rendered":"https:\/\/wp.hammer-jaegercorps.de\/wordpress\/?page_id=230"},"modified":"2022-08-16T19:02:52","modified_gmt":"2022-08-16T19:02:52","slug":"1914-1945","status":"publish","type":"page","link":"https:\/\/www.hammer-jaegercorps.de\/index.php\/1914-1945\/","title":{"rendered":"1914 &#8211; 1945"},"content":{"rendered":"\n<p>Das Sch\u00fctzenfest im Jahre 1914 konnte schon nicht mehr durchgef\u00fchrt werden, denn der erste Weltkrieg begann am 01.08.1914 und endete mit dem Waffenstillstand am 11.11.1918.<\/p>\n\n\n\n<p>Die kommenden Jahre waren gekennzeichnet durch politische Unruhen (Abdankung des Kaisers, Revolution 1918\/19). Die Last der Reparationszahlungen lie\u00df die deutsche Wirtschaft zusammenbrechen. Das Leben der Menschen war begleitet von Arbeitslosigkeit und Mangel an lebensnotwendigen G\u00fctern. Vielleicht entstand deshalb wieder das Verlangen nach einem friedlichen Gemeinschaftsleben.<\/p>\n\n\n\n<p>1919 fand zwar ein Sch\u00fctzenfest ohne Umzug in Form eines Preisschie\u00dfens statt. Aber erst im Jahre 1920 wurde das Vereinsleben wieder aufgenommen und das Sch\u00fctzenfest mit der bis dahin gr\u00f6\u00dften Mitgliederzahl von 38 Aktiven gefeiert.<\/p>\n\n\n\n<p>Am 11.01.1923 besetzten franz\u00f6sische und belgische Truppen gro\u00dfe Teile des Ruhrgebietes sowie rheinische St\u00e4dte, um die im Versailler Vertrag festgelegten Sachleistungen einzufordern. Neben den Repressalien machte auch die Inflation den Menschen schwer zu schaffen. Der Wert der Mark sackte ins Bodenlose, bis am 20.11.1923 ein Dollar dem Wert von 4,2 Billionen (4.200.000.000.000) Mark entsprach. Die Inflation konnte erst mit der Einf\u00fchrung der Rentenmark und der Reichsmark am 30.08.1924 gestoppt werden. Diese Entwicklung l\u00e4sst sich auch aus den Eintragungen im Kassenbuch nachvollziehen.<\/p>\n\n\n\n<p>Ausgaben&nbsp;&nbsp;&nbsp;&nbsp;&nbsp;&nbsp;&nbsp;&nbsp;&nbsp;&nbsp;&nbsp;&nbsp;&nbsp;&nbsp;&nbsp;&nbsp;&nbsp;&nbsp;&nbsp;&nbsp;&nbsp;&nbsp;&nbsp;&nbsp;&nbsp;&nbsp;&nbsp; 1913&nbsp;&nbsp;&nbsp;&nbsp;&nbsp;&nbsp;&nbsp;&nbsp;&nbsp;&nbsp;&nbsp;&nbsp;&nbsp;&nbsp;&nbsp;&nbsp;&nbsp; &nbsp;&nbsp;&nbsp;&nbsp;&nbsp;&nbsp;&nbsp;&nbsp;&nbsp;&nbsp;&nbsp;&nbsp; &nbsp;&nbsp;&nbsp; &nbsp;671,04 Mark<br>Ausgaben&nbsp;&nbsp;&nbsp;&nbsp;&nbsp;&nbsp;&nbsp;&nbsp;&nbsp;&nbsp;&nbsp;&nbsp;&nbsp;&nbsp;&nbsp;&nbsp;&nbsp;&nbsp;&nbsp;&nbsp;&nbsp;&nbsp;&nbsp;&nbsp;&nbsp;&nbsp;&nbsp; 1921&nbsp;&nbsp;&nbsp;&nbsp;&nbsp;&nbsp;&nbsp;&nbsp;&nbsp;&nbsp; &nbsp;&nbsp;&nbsp;&nbsp;&nbsp;&nbsp;&nbsp;&nbsp;&nbsp;&nbsp;&nbsp;&nbsp;&nbsp;&nbsp;&nbsp;&nbsp;&nbsp;&nbsp;&nbsp; &nbsp; 2.779,15 Mark<br>Ausgaben&nbsp;&nbsp;&nbsp;&nbsp;&nbsp;&nbsp;&nbsp;&nbsp;&nbsp;&nbsp;&nbsp;&nbsp;&nbsp;&nbsp;&nbsp;&nbsp;&nbsp;&nbsp;&nbsp;&nbsp;&nbsp;&nbsp;&nbsp;&nbsp;&nbsp;&nbsp;&nbsp; 1922&nbsp;&nbsp;&nbsp;&nbsp; &nbsp;&nbsp;&nbsp;&nbsp;&nbsp;&nbsp;&nbsp;&nbsp;&nbsp;&nbsp;&nbsp;&nbsp;&nbsp;&nbsp;&nbsp;&nbsp;&nbsp;&nbsp;&nbsp;&nbsp;&nbsp;&nbsp;&nbsp;&nbsp;&nbsp; 22.249,40 Mark<br>Ausgaben&nbsp;&nbsp;&nbsp;&nbsp;&nbsp;&nbsp;&nbsp;&nbsp;&nbsp;&nbsp;&nbsp;&nbsp;&nbsp;&nbsp;&nbsp;&nbsp;&nbsp;&nbsp;&nbsp;&nbsp;&nbsp;&nbsp;&nbsp;&nbsp;&nbsp;&nbsp;&nbsp; 1924&nbsp;&nbsp;&nbsp; &nbsp;&nbsp;&nbsp;&nbsp;&nbsp;&nbsp;&nbsp;&nbsp;&nbsp;&nbsp;&nbsp;&nbsp;&nbsp;&nbsp;&nbsp;&nbsp;&nbsp;&nbsp;&nbsp;&nbsp;&nbsp;&nbsp;&nbsp;&nbsp;&nbsp;&nbsp; &nbsp; 1.065,05 Mark<\/p>\n\n\n\n<p>Infolge der franz\u00f6sischen Besatzung fanden 1923 und 1924 keine Sch\u00fctzenfeste statt. Das J\u00e4gercorps veranstaltete allerdings 1924 zur Kirmeszeit ein Preis- und K\u00f6nigsschie\u00dfen.<\/p>\n\n\n\n<p>Die nachfolgenden Jahre waren ausgef\u00fcllt mit regem Vereinsleben incl. Ausfl\u00fcgen. H\u00f6hepunkt war das 50-j\u00e4hrige Jubil\u00e4um im Jahre 1933. Aus diesem Anlass trat das J\u00e4gercorps Kirmessonntag nach der Gefallenenehrung zum Parademarsch und anschlie\u00dfendem Festzug mit s\u00e4mtlichen passiven Mitgliedern durch das Dorf an. Nach Abhaltung eines Festessens im Vereinslokal Etzweiler schloss sich das Corps wieder dem Regiment an, um zur Parade zu marschieren. Im gesamten Jubil\u00e4umsjahr soll jedoch die sch\u00f6nste Feier das gemeinsam mit den Damen veranstaltete Festmahl am Silvesterabend gewesen sein.<\/p>\n\n\n\n<p>1938 fand das letzte Sch\u00fctzenfest f\u00fcr die n\u00e4chsten Jahre statt, denn am 01.09.1939 brach mit dem \u00dcberfall Hitlers auf Polen der zweite Weltkrieg aus. Das Protokollbuch wurde erst wieder mit den Eintragungen zum Sch\u00fctzenfest 1946\/47 fortgesetzt.<\/p>\n\n\n\n<div class=\"wp-block-buttons is-content-justification-center is-layout-flex wp-container-core-buttons-is-layout-16018d1d wp-block-buttons-is-layout-flex\">\n<div class=\"wp-block-button\"><a class=\"wp-block-button__link\" href=\"https:\/\/www.hammer-jaegercorps.de\/index.php\/geschichte\/\">Zur\u00fcck<\/a><\/div>\n<\/div>\n\n\n\n<p><\/p>\n","protected":false},"excerpt":{"rendered":"<p>Das Sch\u00fctzenfest im Jahre 1914 konnte schon nicht mehr durchgef\u00fchrt werden, denn der erste Weltkrieg begann am 01.08.1914 und endete mit dem Waffenstillstand am 11.11.1918. Die kommenden Jahre waren gekennzeichnet durch politische Unruhen (Abdankung des Kaisers, Revolution 1918\/19). Die Last der Reparationszahlungen lie\u00df die deutsche Wirtschaft zusammenbrechen. Das Leben der Menschen war begleitet von Arbeitslosigkeit &hellip; <\/p>\n<p class=\"link-more\"><a href=\"https:\/\/www.hammer-jaegercorps.de\/index.php\/1914-1945\/\" class=\"more-link\">Mehr <span class=\"screen-reader-text\">\u00fcber &#8222;1914 &#8211; 1945&#8220; <\/span>Lesen<\/a><\/p>\n","protected":false},"author":2,"featured_media":0,"parent":0,"menu_order":0,"comment_status":"closed","ping_status":"closed","template":"","meta":{"footnotes":""},"class_list":["post-230","page","type-page","status-publish","hentry"],"featured_media_urls":[],"_links":{"self":[{"href":"https:\/\/www.hammer-jaegercorps.de\/index.php\/wp-json\/wp\/v2\/pages\/230","targetHints":{"allow":["GET"]}}],"collection":[{"href":"https:\/\/www.hammer-jaegercorps.de\/index.php\/wp-json\/wp\/v2\/pages"}],"about":[{"href":"https:\/\/www.hammer-jaegercorps.de\/index.php\/wp-json\/wp\/v2\/types\/page"}],"author":[{"embeddable":true,"href":"https:\/\/www.hammer-jaegercorps.de\/index.php\/wp-json\/wp\/v2\/users\/2"}],"replies":[{"embeddable":true,"href":"https:\/\/www.hammer-jaegercorps.de\/index.php\/wp-json\/wp\/v2\/comments?post=230"}],"version-history":[{"count":5,"href":"https:\/\/www.hammer-jaegercorps.de\/index.php\/wp-json\/wp\/v2\/pages\/230\/revisions"}],"predecessor-version":[{"id":467,"href":"https:\/\/www.hammer-jaegercorps.de\/index.php\/wp-json\/wp\/v2\/pages\/230\/revisions\/467"}],"wp:attachment":[{"href":"https:\/\/www.hammer-jaegercorps.de\/index.php\/wp-json\/wp\/v2\/media?parent=230"}],"curies":[{"name":"wp","href":"https:\/\/api.w.org\/{rel}","templated":true}]}}